{"id":1063,"date":"2022-02-23T21:35:06","date_gmt":"2022-02-23T20:35:06","guid":{"rendered":"http:\/\/szolnok.lutheran.hu\/content\/?page_id=1063"},"modified":"2022-02-23T21:35:07","modified_gmt":"2022-02-23T20:35:07","slug":"nyilvanossag-tajekoztatasa","status":"publish","type":"page","link":"https:\/\/szolnok.lutheran.hu\/content\/?page_id=1063","title":{"rendered":"Nyilv\u00e1noss\u00e1g t\u00e1j\u00e9koztat\u00e1sa"},"content":{"rendered":"\n<p><strong>Projekt c\u00edme: \u201e<\/strong>: Az Adapterh\u00e1z meg\u00e9p\u00edt\u00e9s\u00e9nek \u00e9s a templom korszer\u0171s\u00edt\u00e9s\u00e9nek t\u00e1mogat\u00e1sa\u201d<strong><\/strong><\/p>\n\n\n\n<p><strong>Projekt azonos\u00edt\u00f3 sz\u00e1ma: EGYH-EOR-20-P-0003<\/strong><\/p>\n\n\n\n<p><strong>Szerz\u0151d\u00f6tt t\u00e1mogat\u00e1s \u00f6sszege: 80.000.000 Ft<\/strong><\/p>\n\n\n\n<p><strong>T\u00e1mogat\u00e1s m\u00e9rt\u00e9ke (%-ban): 100%<\/strong><\/p>\n\n\n\n<p><strong>Projekt tervezett befejez\u00e9si d\u00e1tuma: 2021. december 31.<\/strong><\/p>\n\n\n\n<p><strong>Projekt tartalm\u00e1nak bemutat\u00e1sa:<\/strong><\/p>\n\n\n\n<p>A Szolnoki Evang\u00e9likus Egyh\u00e1zk\u00f6zs\u00e9g vezet\u0151s\u00e9ge 2013-ban hozott arra hat\u00e1rozatot, hogy a gy\u00fclekezeti \u00e9lett\u00e9r b\u0151v\u00edt\u00e9s\u00e9t a megl\u00e9v\u0151 templom \u00e9p\u00fclet\u00e9vel \u00f6sszekapcsolt k\u00f6z\u00f6ss\u00e9gi h\u00e1z \u00e9p\u00edt\u00e9s\u00e9vel t\u00e1mogatja, \u00edgy elkezd\u0151d\u00f6tt a tervez\u00e9s \u00e9s az el\u0151k\u00e9sz\u00edt\u00e9s folyamata. A tervezett Adapterh\u00e1z k\u00fcls\u0151s\u00e9geiben is mag\u00e1n hordozza a szolnoki evang\u00e9likus gy\u00fclekezetre jellemz\u0151 gondolkod\u00e1st, azaz egyszerre \u00e1polja az \u00f6r\u00f6ks\u00e9gk\u00e9nt hagyott \u00e9rt\u00e9keket, \u00e9s \u00e9p\u00edt r\u00e1 egy mai, modern \u00e9lhet\u0151 \u00e9letet. A k\u00f6z\u00f6ss\u00e9g rendezv\u00e9nyein, programjain, a v\u00e1rosban tal\u00e1lhat\u00f3 partnerekkel t\u00f6rt\u00e9n\u0151 k\u00f6z\u00f6s tev\u00e9kenys\u00e9gek sor\u00e1n megjelenik a k\u00e9zzel foghat\u00f3 t\u00e1rsadalmi ig\u00e9ny is, miszerint:<\/p>\n\n\n\n<p>&#8211; sz\u00fcks\u00e9g van a belv\u00e1rosban az ifj\u00fas\u00e1g, a fiatal feln\u0151ttek, csal\u00e1dok sz\u00e1m\u00e1ra kialak\u00edtott biztons\u00e1gos tal\u00e1lkoz\u00f3helyekre, k\u00f6z\u00f6ss\u00e9gi terekre<\/p>\n\n\n\n<p>&#8211; sz\u00fcks\u00e9g van a hagyom\u00e1nyos egyh\u00e1zi szerepeken t\u00falmutat\u00f3 k\u00f6z\u00f6ss\u00e9gfejleszt\u00e9si tev\u00e9kenys\u00e9gekhez, programokhoz sz\u00fcks\u00e9ges infrastrukt\u00far\u00e1ra<\/p>\n\n\n\n<p>Az \u00fajszer\u0171 megk\u00f6zel\u00edt\u00e9s, nyitott gondolkod\u00e1s lehet\u0151v\u00e9 teszi annak megmutat\u00e1s\u00e1t, hogy lehet hitelesen kereszty\u00e9nk\u00e9nt \u00e9lni a mai mindennapokat.&nbsp; A gy\u00fclekezet sz\u00e9les k\u00f6rben k\u00e9pes lesz megmutatni, hogy Szolnokon van l\u00e9tjogosults\u00e1ga a kereszty\u00e9n \u00e9rt\u00e9krenden alapul\u00f3 \u00e9letnek \u00e9s nem csup\u00e1n az \u00fcnnepeken, hanem a mindennapokban is. Ezzel a saj\u00e1tos n\u00e9zettel szeretne megker\u00fclhetetlen szerepl\u0151je lenni Szolnok k\u00f6z\u00f6ss\u00e9gi \u00e9let\u00e9nek, hogy alternat\u00edv\u00e1t tudjon k\u00edn\u00e1lni k\u00f6z\u00f6ss\u00e9ghez val\u00f3 tartoz\u00e1sban \u00e9s a szabadid\u0151 hasznos elt\u00f6lt\u00e9s\u00e9ben Szolnok v\u00e1ros fiatal, feln\u0151tt \u00e9s id\u0151s lak\u00f3inak is.<\/p>\n\n\n\n<p>A k\u00f6z\u00f6ss\u00e9gi h\u00e1z \u00e9p\u00edt\u00e9s\u00e9vel \u00e9s a templommal val\u00f3 \u00f6sszekapcsol\u00e1s\u00e1val egyr\u00e9szt megold\u00f3dna a templom akad\u00e1lymentes\u00edt\u00e9se, mind a mozg\u00e1sukban korl\u00e1tozott embert\u00e1rsaink, mind a gyermekek, csal\u00e1dosok, id\u0151sek sz\u00e1m\u00e1ra. M\u00e1sr\u00e9szt mosd\u00f3k is kialak\u00edt\u00e1sra ker\u00fclnek, mely jelenleg \u00f3ri\u00e1si hi\u00e1ny. Harmadr\u00e9szt az istentiszteleti \u00e9s k\u00f6z\u00f6ss\u00e9gi \u00e9let el\u0151tt \u00faj t\u00e1vlatok ny\u00edlhatnak. A t\u00e1gas el\u0151t\u00e9rben \u00e9s teremben nem csak az istentisztelettel p\u00e1rhuzamos gyermek- \u00e9s ifj\u00fas\u00e1gi programok val\u00f3sulhatnak meg, hanem a h\u00e9tk\u00f6znapi programok egy r\u00e9sze is itt kap helyet oly m\u00f3don, hogy nem csak a tipikusan egyh\u00e1zias jelleg\u0171, hanem a v\u00e1ros sz\u00e9lesebb k\u00f6z\u00f6ss\u00e9g\u00e9t szolg\u00e1l\u00f3 tal\u00e1lkoz\u00e1sok tere lesz. Nem utols\u00f3 sorban a templom jobb kihaszn\u00e1l\u00e1s\u00e1t is szolg\u00e1lja ez a fejleszt\u00e9s.<\/p>\n\n\n\n<p>A projekt m\u0171szaki tartalma mag\u00e1ban foglalja a f\u00f6ldszint + 1 emeletes, brutt\u00f3 190,53 m2-es k\u00f6z\u00f6ss\u00e9gi h\u00e1z \u00e9p\u00edt\u00e9s\u00e9t, amelyben az al\u00e1bbi rendeltet\u00e9si egys\u00e9gek ker\u00fclnek kialak\u00edt\u00e1sra: k\u00f6z\u00f6ss\u00e9gi helyis\u00e9g, vizesblokk (n\u0151i, f\u00e9rfi \u00e9s akad\u00e1lymentes mosd\u00f3) \u00e9s teakonyha, gal\u00e9ria (t\u00e1rsalg\u00f3, iroda, t\u00e1rol\u00f3). A projekt tartalmazza a megl\u00e9v\u0151 templom r\u00e9szleges fel\u00faj\u00edt\u00e1s\u00e1t, technikai korszer\u0171s\u00edt\u00e9s\u00e9t is. Meg\u00faj\u00edtjuk a templom villamosh\u00e1l\u00f3zat\u00e1t, f\u0171t\u00e9srendszer\u00e9t \u00f6sszekapcsoljuk az Adapterh\u00e1zzal, \u00edgy k\u00f6rnyezetbar\u00e1t \u00e9s igen k\u00f6lts\u00e9ghat\u00e9kony megold\u00e1ssal f\u0171thet\u0151 majd. Sor ker\u00fcl a tet\u0151szerkezet meg\u00faj\u00edt\u00e1s\u00e1ra, szigetel\u00e9s\u00e9re, napelemek elhelyez\u00e9s\u00e9re. A f\u00f6l\u00e1z\u00e1s megsz\u00fcntet\u00e9s\u00e9re szigetelj\u00fck a falakat, cser\u00e9lj\u00fck a ny\u00edl\u00e1sz\u00e1r\u00f3kat. A f\u0171t\u00e9srendszer cser\u00e9je mag\u00e1val vonja a teljes padl\u00f3zat \u00fajraburkol\u00e1s\u00e1t.<\/p>\n\n\n\n<p><strong>A t\u00e1mogatott tev\u00e9kenys\u00e9g Magyarorsz\u00e1g Korm\u00e1nya \u00e9s a Minisztereln\u00f6ks\u00e9g t\u00e1mogat\u00e1s\u00e1val val\u00f3sult meg<\/strong>.<\/p>\n\n\n\n<p>K\u00f6sz\u00f6nj\u00fck a t\u00e1mogat\u00e1st!<\/p>\n\n\n\n<figure class=\"wp-block-image size-large\"><a href=\"https:\/\/szolnok.lutheran.hu\/content\/wp-content\/uploads\/2022\/02\/kep.png\"><img loading=\"lazy\" decoding=\"async\" width=\"605\" height=\"157\" src=\"https:\/\/szolnok.lutheran.hu\/content\/wp-content\/uploads\/2022\/02\/kep.png\" alt=\"\" class=\"wp-image-1064\" srcset=\"https:\/\/szolnok.lutheran.hu\/content\/wp-content\/uploads\/2022\/02\/kep.png 605w, https:\/\/szolnok.lutheran.hu\/content\/wp-content\/uploads\/2022\/02\/kep-300x78.png 300w\" sizes=\"auto, (max-width: 605px) 100vw, 605px\" \/><\/a><\/figure>\n\n\n\n<p><strong>Projekt c\u00edme: \u201eSzolnoki Evang\u00e9likus Egyh\u00e1z fejleszt\u00e9sei\u201d<\/strong><\/p>\n\n\n\n<p><strong>Projekt azonos\u00edt\u00f3 sz\u00e1ma: EGYH-KCP-20-P-0065<\/strong><\/p>\n\n\n\n<p><strong>Szerz\u0151d\u00f6tt t\u00e1mogat\u00e1s \u00f6sszege: 100.000.000 Ft<\/strong><\/p>\n\n\n\n<p><strong>T\u00e1mogat\u00e1s m\u00e9rt\u00e9ke (%-ban): 100%<\/strong><\/p>\n\n\n\n<p><strong>Projekt tervezett befejez\u00e9si d\u00e1tuma: 2021. november 30.<\/strong><\/p>\n\n\n\n<p><strong>Projekt tartalm\u00e1nak bemutat\u00e1sa:<\/strong><\/p>\n\n\n\n<p>A Szolnoki Evang\u00e9likus Egyh\u00e1zk\u00f6zs\u00e9g \u2013 gy\u00fclekezet a v\u00e1ros\u00e9rt. A Szolnoki Evang\u00e9likus Egyh\u00e1zk\u00f6zs\u00e9g az\u00e9rt van, hogy az evang\u00e9lium az egyes emberek \u00e9let\u00e9t meg\u00faj\u00edtsa, k\u00f6z\u00f6ss\u00e9get form\u00e1ljon, a t\u00e1rsadalmi igazs\u00e1goss\u00e1got el\u0151mozd\u00edtsa, \u00e9s a h\u00e9tk\u00f6znapi \u00e9let \u00e9s hivat\u00e1s minden r\u00e9sz\u00e9t \u00e1thassa, \u00e9s ez Szolnokot \u00e9s k\u00f6rny\u00e9k\u00e9t \u00e9rz\u00e9kelhet\u0151en alak\u00edtsa. . Mit jelent ez? Minthogy mai t\u00e1rsadalmunk elszokott Istent\u0151l, ez\u00e9rt nem elegend\u0151 Istenr\u0151l besz\u00e9lni, a kereszty\u00e9ns\u00e9g tan\u00edt\u00e1s\u00e1t megismertetni, hanem k\u00fcl\u00f6n\u00f6sen is nagy sz\u00fcks\u00e9g van arra, hogy ezt a tan\u00edt\u00e1st, Isten karakter\u00e9t \u00e9s a h\u00edv\u0151 \u00e9let m\u0171k\u00f6d\u00e9s\u00e9t ki\u00e1br\u00e1zolva, a gy\u00fclekezet k\u00f6z\u00f6ss\u00e9g\u00e9n kereszt\u00fcl \u00e1t\u00e9lhet\u0151v\u00e9 tegy\u00fck. \u00dajra szok\u00e1ss\u00e1 kell tenn\u00fcnk az Istennel val\u00f3 kapcsolatot \u00e9s annak minden k\u00f6vetkezm\u00e9ny\u00e9t. Az egyh\u00e1z \u201ev\u00e1ros-szerepe\u201d az, hogy az emberi k\u00f6z\u00f6ss\u00e9g kapcsolatrendszer\u00e9nek m\u0171k\u00f6d\u00e9s\u00e9n kereszt\u00fcl ki\u00e1br\u00e1zolja, l\u00e1that\u00f3v\u00e1, s\u0151t \u00e9lm\u00e9nny\u00e9 tegye az evang\u00e9lium saj\u00e1tos logik\u00e1j\u00e1nak sz\u00f6vet\u00e9t, m\u0171k\u00f6d\u00e9s\u00e9t. A gy\u00fclekezet a v\u00e1ros\u00e9rt \u00e9l \u2013 ez\u00e9rt t\u00f6rekszik arra, hogy m\u00e1soknak a v\u00e1ros j\u00f3l\u00e9t\u00e9\u00e9rt v\u00e9gzett szolg\u00e1lat\u00e1t meger\u0151s\u00edtse, t\u00e1mogassa.<\/p>\n\n\n\n<p>Nem \u00f6nmag\u00e1\u00e9rt van, \u00e9s nem csup\u00e1n egy sz\u0171k, saj\u00e1tos \u00e9rdekl\u0151d\u00e9s\u0171 r\u00e9teg ig\u00e9nyeit k\u00edv\u00e1nja kiszolg\u00e1lni, hanem a lehet\u0151 legsz\u00e9lesebb k\u00f6rben a v\u00e1ros \u00e9s k\u00f6rny\u00e9ke jav\u00e1\u00e9rt dolgozik \u00e1ldozatosan, m\u00e1s kereszty\u00e9n k\u00f6z\u00f6ss\u00e9gekkel, \u00e9s a t\u00e1rsadalmi \u00e9let m\u00e1s szerepl\u0151ivel kar\u00f6ltve.<\/p>\n\n\n\n<p>Ebben a helyzetben semmik\u00e9ppen nem elegend\u0151 a restaur\u00e1ci\u00f3 \u2013 sem a templomokat, sem a hit \u00fczenet\u00e9t illet\u0151en. \u00c1llhat egy templom eredeti pomp\u00e1j\u00e1ban a v\u00e1ros k\u00f6zep\u00e9n \u00fagy, hogy a let\u0171nt korok csod\u00e1lat\u00e1n t\u00fal egy\u00e9b hat\u00e1st nem v\u00e1lt ki. Ugyanakkor lehets\u00e9ges egy templomot \u00fajra a hely\u00e9re tenni: nem csak k\u00fclsej\u00e9ben helyre\u00e1ll\u00edtani, hanem a k\u00f6z\u00f6ss\u00e9gi \u00e9letben, az emberi gondolkod\u00e1sban is a hely\u00e9re tenni. Mi a templom \u201eadapter\u00e9t\u201d \u00e1lmodtuk \u00e9s \u00e9p\u00edtj\u00fck meg, amely k\u00e9pes \u00f6sszekapcsolni a szakr\u00e1lis teret a h\u00e9tk\u00f6znapi \u00e9let val\u00f3s\u00e1g\u00e1val. A hitet a mindennapokkal. Term\u00e9szetesen ehhez a templomnak rendelkeznie kell mindazzal a felszerel\u00e9ssel, amely a k\u00f6z\u00f6ss\u00e9gi \u00e9let h\u00e9tk\u00f6znapi tereit jellemzi: akad\u00e1lymentes megk\u00f6zel\u00edt\u00e9s, mosd\u00f3, f\u0171t\u00e9s, k\u00f6z\u00f6ss\u00e9gi t\u00e9r. Egyfel\u0151l az Adapterh\u00e1z teremti meg ennek a felt\u00e9teleit azzal, hogy akad\u00e1lymentes bej\u00e1r\u00e1st biztos\u00edt, hogy k\u00f6z\u00f6ss\u00e9gi terek, mosd\u00f3k tal\u00e1lhat\u00f3k benne. \u00c1m a templom kihaszn\u00e1lts\u00e1g\u00e1t azzal teszi igaz\u00e1n hat\u00e9konny\u00e1, hogy mag\u00e1t a m\u00e1r meglev\u0151 templom \u00e9p\u00fcletet is a h\u00e9tk\u00f6znapok haszn\u00e1lata sz\u00e1m\u00e1ra is fenntarthat\u00f3v\u00e1 teszi. Ehhez sz\u00fcks\u00e9g van a templom fel\u00faj\u00edt\u00e1s\u00e1ra, technikai korszer\u0171s\u00edt\u00e9s\u00e9re. A projekt sor\u00e1n meg\u00faj\u00edtjuk a templom villamosh\u00e1l\u00f3zat\u00e1t, f\u0171t\u00e9srendszer\u00e9t \u00f6sszekapcsoljuk az Adapterh\u00e1zzal, \u00edgy k\u00f6rnyezetbar\u00e1t \u00e9s igen k\u00f6lts\u00e9ghat\u00e9kony megold\u00e1ssal f\u0171thet\u0151 majd. Szint\u00e9n ehhez sz\u00fcks\u00e9ges a tet\u0151szerkezet meg\u00faj\u00edt\u00e1sa, szigetel\u00e9se, napelemek elhelyez\u00e9se. A f\u00f6l\u00e1z\u00e1s megsz\u0171ntet\u00e9s\u00e9re szigetelj\u00fck a falakat, cser\u00e9lj\u00fck a ny\u00edl\u00e1sz\u00e1r\u00f3kat. A f\u0171t\u00e9srendszer cser\u00e9je mag\u00e1val vonja a teljes padl\u00f3zat \u00fajraburkol\u00e1s\u00e1t.<\/p>\n\n\n\n<p>A fentebb kifejtettek szerint az ifj\u00fas\u00e1gra n\u00e9zve fokozottan igaz, hogy a hiv\u0151 \u00e9letnek nem el\u00e9g az informat\u00edv, t\u00f6rt\u00e9nelmi gy\u00f6kerekre, m\u00faltra tekint\u0151 r\u00e9sz\u00e9t megtan\u00edtani, hanem k\u00e9pess\u00e9 kell v\u00e1lnunk arra, hogy a h\u00edv\u0151 \u00e9letet gyakorlatban, m\u0171k\u00f6d\u00e9s k\u00f6zben, az emberi kapcsolatok sz\u00f6vet\u00e9ben is bemutassuk, \u00e9lm\u00e9nny\u00e9 tegy\u00fck. A szakr\u00e1lis-liturgikus gyakorlaton t\u00fal a h\u00e9tk\u00f6znapi gyakorlatra is sz\u00fcks\u00e9g van. Ennek infrastruktur\u00e1lis eszk\u00f6ze lesz gy\u00fclekezet\u00fcnk ifj\u00fas\u00e1gi h\u00e1za.<\/p>\n\n\n\n<p>A par\u00f3kia\u00e9p\u00fclet\u00fcnk k\u00f6zvetlen szomsz\u00e9dj\u00e1ban \u00e1ll\u00f3 egykori polg\u00e1ri csal\u00e1di h\u00e1z, amely k\u00e9s\u0151bb b\u00f6lcs\u0151de, majd mintegy k\u00e9t \u00e9vtizeden \u00e1t a Szolnok TV st\u00fadi\u00f3j\u00e1nak otthona volt, n\u00e9h\u00e1ny esztendeje \u00fcress\u00e9 v\u00e1lt. Ekkor lobbanhatott f\u00f6l a r\u00e9gen d\u00e9delgetett \u00e1lom l\u00e1ngja: ez az \u00e9p\u00fclet tov\u00e1bbra is a v\u00e1ros \u2013 \u00e9s k\u00f6rny\u00e9ke \u2013 jav\u00e1t szolg\u00e1lhatn\u00e1, mint ifj\u00fas\u00e1gi h\u00e1z. M\u0171k\u00f6d\u00e9se nem els\u0151sorban programokra \u00e9p\u00fcl majd, hanem amolyan m\u00e1sodik otthonn\u00e1 tessz\u00fck, ahol a \u201enorm\u00e1lis\u201d, eg\u00e9szs\u00e9ges emberi \u00e9let val\u00f3sul meg. A m\u00e1r eddig is l\u00e9tez\u0151 ifj\u00fas\u00e1gi csoportjainkban az \u00e9lm\u00e9nyekre, a spont\u00e1n (jelleg\u0171) besz\u00e9lget\u00e9sekre \u00e9p\u00edt\u00fcnk. Tal\u00e1n term\u00e9szetesebbnek vessz\u00fck \u00e9s \u00edgy kevesebb figyelmet ford\u00edtunk az \u00e1tlagos, nem probl\u00e9m\u00e1s fiatalokra. Ugyanakkor szembes\u00fcln\u00fcnk kell azzal, hogy az \u00e1tlagos fiatals\u00e1g is t\u00f6bb szempontb\u00f3l probl\u00e9m\u00e1ss\u00e1 v\u00e1lik. Sz\u00fcks\u00e9g van tov\u00e1bb\u00e1 arra, hogy ifjainkat a vil\u00e1gra, a t\u00e1gabb emberi k\u00f6z\u00f6ss\u00e9gre nyitott, \u00f6nzetlen szolg\u00e1latra k\u00e9pes eg\u00e9szs\u00e9ges emberekk\u00e9 tudjuk nevelni, akik nem csak maguk \u201esz\u00f3rakoztat\u00e1s\u00e1t\u201d v\u00e1rj\u00e1k, hanem akt\u00edvan alak\u00edtj\u00e1k vil\u00e1gukat, m\u00e9ghozz\u00e1 eg\u00e9szs\u00e9ges \u2013 kereszty\u00e9n \u2013 szeml\u00e9lettel. Ennek szolg\u00e1lat\u00e1ban \u00e1ll majd \u2013 rem\u00e9nyeink szerint \u2013 az ifj\u00fas\u00e1gi h\u00e1z.<\/p>\n\n\n\n<p>Jelen projekt ennek az \u00e9p\u00fcletnek a megv\u00e1s\u00e1rl\u00e1s\u00e1t, fel\u00faj\u00edt\u00e1s\u00e1nak egy r\u00e9sz\u00e9t tartalmazza.<\/p>\n\n\n\n<p><strong>A t\u00e1mogatott tev\u00e9kenys\u00e9g Magyarorsz\u00e1g Korm\u00e1nya \u00e9s a Minisztereln\u00f6ks\u00e9g t\u00e1mogat\u00e1s\u00e1val val\u00f3sult meg<\/strong>.<\/p>\n\n\n\n<figure class=\"wp-block-image size-large\"><a href=\"https:\/\/szolnok.lutheran.hu\/content\/wp-content\/uploads\/2022\/02\/kep-1.png\"><img loading=\"lazy\" decoding=\"async\" width=\"605\" height=\"157\" src=\"https:\/\/szolnok.lutheran.hu\/content\/wp-content\/uploads\/2022\/02\/kep-1.png\" alt=\"\" class=\"wp-image-1065\" srcset=\"https:\/\/szolnok.lutheran.hu\/content\/wp-content\/uploads\/2022\/02\/kep-1.png 605w, https:\/\/szolnok.lutheran.hu\/content\/wp-content\/uploads\/2022\/02\/kep-1-300x78.png 300w\" sizes=\"auto, (max-width: 605px) 100vw, 605px\" \/><\/a><\/figure>\n","protected":false},"excerpt":{"rendered":"<p>Projekt c\u00edme: \u201e: Az Adapterh\u00e1z meg\u00e9p\u00edt\u00e9s\u00e9nek \u00e9s a templom korszer\u0171s\u00edt\u00e9s\u00e9nek t\u00e1mogat\u00e1sa\u201d Projekt azonos\u00edt\u00f3 sz\u00e1ma: EGYH-EOR-20-P-0003 Szerz\u0151d\u00f6tt t\u00e1mogat\u00e1s \u00f6sszege: 80.000.000 Ft T\u00e1mogat\u00e1s m\u00e9rt\u00e9ke (%-ban): 100% Projekt tervezett befejez\u00e9si d\u00e1tuma: 2021. december 31. Projekt tartalm\u00e1nak bemutat\u00e1sa: A Szolnoki Evang\u00e9likus Egyh\u00e1zk\u00f6zs\u00e9g vezet\u0151s\u00e9ge 2013-ban hozott arra hat\u00e1rozatot, hogy a gy\u00fclekezeti \u00e9lett\u00e9r b\u0151v\u00edt\u00e9s\u00e9t a megl\u00e9v\u0151 templom \u00e9p\u00fclet\u00e9vel \u00f6sszekapcsolt k\u00f6z\u00f6ss\u00e9gi h\u00e1z &hellip; <\/p>\n<p><a class=\"more-link btn\" href=\"https:\/\/szolnok.lutheran.hu\/content\/?page_id=1063\">Olvass tov\u00e1bb<\/a><\/p>\n","protected":false},"author":1,"featured_media":0,"parent":0,"menu_order":0,"comment_status":"closed","ping_status":"closed","template":"","meta":{"footnotes":""},"class_list":["post-1063","page","type-page","status-publish","hentry","nodate","item-wrap"],"_links":{"self":[{"href":"https:\/\/szolnok.lutheran.hu\/content\/index.php?rest_route=\/wp\/v2\/pages\/1063","targetHints":{"allow":["GET"]}}],"collection":[{"href":"https:\/\/szolnok.lutheran.hu\/content\/index.php?rest_route=\/wp\/v2\/pages"}],"about":[{"href":"https:\/\/szolnok.lutheran.hu\/content\/index.php?rest_route=\/wp\/v2\/types\/page"}],"author":[{"embeddable":true,"href":"https:\/\/szolnok.lutheran.hu\/content\/index.php?rest_route=\/wp\/v2\/users\/1"}],"replies":[{"embeddable":true,"href":"https:\/\/szolnok.lutheran.hu\/content\/index.php?rest_route=%2Fwp%2Fv2%2Fcomments&post=1063"}],"version-history":[{"count":1,"href":"https:\/\/szolnok.lutheran.hu\/content\/index.php?rest_route=\/wp\/v2\/pages\/1063\/revisions"}],"predecessor-version":[{"id":1066,"href":"https:\/\/szolnok.lutheran.hu\/content\/index.php?rest_route=\/wp\/v2\/pages\/1063\/revisions\/1066"}],"wp:attachment":[{"href":"https:\/\/szolnok.lutheran.hu\/content\/index.php?rest_route=%2Fwp%2Fv2%2Fmedia&parent=1063"}],"curies":[{"name":"wp","href":"https:\/\/api.w.org\/{rel}","templated":true}]}}