{"id":145,"date":"2014-06-04T19:42:05","date_gmt":"2014-06-04T17:42:05","guid":{"rendered":"http:\/\/szolnok.lutheran.hu\/content\/?page_id=145"},"modified":"2026-03-29T05:46:28","modified_gmt":"2026-03-29T03:46:28","slug":"alkalmaink","status":"publish","type":"page","link":"https:\/\/szolnok.lutheran.hu\/content\/","title":{"rendered":"Gy\u00fclekezet a v\u00e1ros\u00e9rt"},"content":{"rendered":"\n<h4 class=\"wp-block-heading has-text-align-left\">A Szolnoki Evang\u00e9likus Egyh\u00e1zk\u00f6zs\u00e9g \u2013 gy\u00fclekezet a v\u00e1ros\u00e9rt.<\/h4>\n\n\n\n<p>Mit jelent ez? Minthogy kereszty\u00e9n gy\u00fclekezet, els\u0151sorban egy saj\u00e1tos k\u00f6z\u00f6ss\u00e9g, melyet J\u00e9zus Krisztus evang\u00e9liuma, logik\u00e1ja hat\u00e1roz meg. Els\u0151dleges feladata is az, hogy J\u00e9zus Krisztust k\u00e9pviselje szavakon, tetteken \u00e9s a k\u00f6z\u00f6ss\u00e9g minden \u00e9lm\u00e9ny\u00e9n kereszt\u00fcl.<\/p>\n\n\n\n<p>A Szolnoki Evang\u00e9likus Egyh\u00e1zk\u00f6zs\u00e9g az\u00e9rt van, hogy az evang\u00e9lium az egyes emberek \u00e9let\u00e9t meg\u00faj\u00edtsa, k\u00f6z\u00f6ss\u00e9get form\u00e1ljon, a t\u00e1rsadalmi igazs\u00e1goss\u00e1got el\u0151mozd\u00edtsa, \u00e9s a h\u00e9tk\u00f6znapi \u00e9let \u00e9s hivat\u00e1s minden r\u00e9sz\u00e9t \u00e1thassa, \u00e9s ez Szolnokot \u00e9s k\u00f6rny\u00e9k\u00e9t \u00e9rz\u00e9kelhet\u0151en alak\u00edtsa.<\/p>\n\n\n\n<p><a href=\"https:\/\/szolnok.lutheran.hu\/content\/?page_id=540\">B\u0151vebben<\/a><\/p>\n\n\n\n<h2 class=\"wp-block-heading\">\u00dcnnepi istentiszteleti rend<\/h2>\n\n\n\n<figure class=\"wp-block-image size-large\"><a href=\"https:\/\/szolnok.lutheran.hu\/content\/wp-content\/uploads\/2026\/03\/Husvet-2.jpg\"><img loading=\"lazy\" decoding=\"async\" width=\"1024\" height=\"724\" src=\"https:\/\/szolnok.lutheran.hu\/content\/wp-content\/uploads\/2026\/03\/Husvet-2-1024x724.jpg\" alt=\"\" class=\"wp-image-1961\" srcset=\"https:\/\/szolnok.lutheran.hu\/content\/wp-content\/uploads\/2026\/03\/Husvet-2-1024x724.jpg 1024w, https:\/\/szolnok.lutheran.hu\/content\/wp-content\/uploads\/2026\/03\/Husvet-2-300x212.jpg 300w, https:\/\/szolnok.lutheran.hu\/content\/wp-content\/uploads\/2026\/03\/Husvet-2-768x543.jpg 768w, https:\/\/szolnok.lutheran.hu\/content\/wp-content\/uploads\/2026\/03\/Husvet-2-1536x1086.jpg 1536w, https:\/\/szolnok.lutheran.hu\/content\/wp-content\/uploads\/2026\/03\/Husvet-2-847x599.jpg 847w, https:\/\/szolnok.lutheran.hu\/content\/wp-content\/uploads\/2026\/03\/Husvet-2.jpg 2000w\" sizes=\"auto, (max-width: 1024px) 100vw, 1024px\" \/><\/a><\/figure>\n\n\n\n<div class=\"wp-block-group\"><div class=\"wp-block-group__inner-container is-layout-constrained wp-block-group-is-layout-constrained\">\n<h2 class=\"wp-block-heading\">T\u00e1borok \u2013 el\u00e9rhet\u0151 a jelentkez\u00e9si fel\u00fclet<\/h2>\n<\/div><\/div>\n\n\n\n<p><a href=\"https:\/\/szolnok.lutheran.hu\/content\/?page_id=129\">Id\u00e9n ny\u00e1ron is szervez\u00fcnk t\u00e1borokat. Ezekr\u0151l b\u0151vebben, valamint jelentkez\u00e9s el\u00e9rhet\u0151s\u00e9ge itt.<\/a><\/p>\n\n\n\n<figure class=\"wp-block-image size-large is-resized\"><a href=\"https:\/\/szolnok.lutheran.hu\/content\/wp-content\/uploads\/2026\/02\/Tekergo_26-1-2.jpg\"><img loading=\"lazy\" decoding=\"async\" width=\"724\" height=\"1024\" src=\"https:\/\/szolnok.lutheran.hu\/content\/wp-content\/uploads\/2026\/02\/Tekergo_26-1-2-724x1024.jpg\" alt=\"\" class=\"wp-image-1952\" style=\"width:191px;height:auto\" srcset=\"https:\/\/szolnok.lutheran.hu\/content\/wp-content\/uploads\/2026\/02\/Tekergo_26-1-2-724x1024.jpg 724w, https:\/\/szolnok.lutheran.hu\/content\/wp-content\/uploads\/2026\/02\/Tekergo_26-1-2-212x300.jpg 212w, https:\/\/szolnok.lutheran.hu\/content\/wp-content\/uploads\/2026\/02\/Tekergo_26-1-2-768x1086.jpg 768w, https:\/\/szolnok.lutheran.hu\/content\/wp-content\/uploads\/2026\/02\/Tekergo_26-1-2-1086x1536.jpg 1086w, https:\/\/szolnok.lutheran.hu\/content\/wp-content\/uploads\/2026\/02\/Tekergo_26-1-2-847x1198.jpg 847w, https:\/\/szolnok.lutheran.hu\/content\/wp-content\/uploads\/2026\/02\/Tekergo_26-1-2.jpg 1414w\" sizes=\"auto, (max-width: 724px) 100vw, 724px\" \/><\/a><\/figure>\n\n\n\n<figure class=\"wp-block-image size-large is-resized\"><a href=\"https:\/\/szolnok.lutheran.hu\/content\/wp-content\/uploads\/2026\/02\/Partitura-1.jpg\"><img loading=\"lazy\" decoding=\"async\" width=\"724\" height=\"1024\" src=\"https:\/\/szolnok.lutheran.hu\/content\/wp-content\/uploads\/2026\/02\/Partitura-1-724x1024.jpg\" alt=\"\" class=\"wp-image-1953\" style=\"aspect-ratio:0.7070514853578602;width:189px;height:auto\" srcset=\"https:\/\/szolnok.lutheran.hu\/content\/wp-content\/uploads\/2026\/02\/Partitura-1-724x1024.jpg 724w, https:\/\/szolnok.lutheran.hu\/content\/wp-content\/uploads\/2026\/02\/Partitura-1-212x300.jpg 212w, https:\/\/szolnok.lutheran.hu\/content\/wp-content\/uploads\/2026\/02\/Partitura-1-768x1086.jpg 768w, https:\/\/szolnok.lutheran.hu\/content\/wp-content\/uploads\/2026\/02\/Partitura-1-1086x1536.jpg 1086w, https:\/\/szolnok.lutheran.hu\/content\/wp-content\/uploads\/2026\/02\/Partitura-1-847x1198.jpg 847w, https:\/\/szolnok.lutheran.hu\/content\/wp-content\/uploads\/2026\/02\/Partitura-1.jpg 1414w\" sizes=\"auto, (max-width: 724px) 100vw, 724px\" \/><\/a><\/figure>\n\n\n\n<h2 class=\"wp-block-heading\">\u00c1ttekint\u0151 a rendszeres alkalmakhoz:<\/h2>\n\n\n\n<ul class=\"wp-block-list\">\n<li>Minden vas\u00e1rnap 10 \u00f3r\u00e1t\u00f3l istentisztelet a templomban.<\/li>\n\n\n\n<li>Minden h\u00f3nap els\u0151 vas\u00e1rnapj\u00e1n \u00farvacsorai istentisztelet.<\/li>\n\n\n\n<li>A h\u00f3nap els\u0151 \u00e9s harmadik (s ha van, \u00f6t\u00f6dik) vas\u00e1rnapj\u00e1n az istentisztelettel p\u00e1rhuzamosan <em>FICSERI<\/em> (\u00f3vod\u00e1s) \u00e9s <em>Picifi<\/em> (als\u00f3 tagozatos) csoportoknak gyermek-biblia\u00f3r\u00e1t tartunk. Az enn\u00e9l nagyobbakat az istentiszteleten l\u00e1tjuk sz\u00edvesen.<\/li>\n\n\n\n<li>A h\u00f3nap m\u00e1sodik vas\u00e1rnapj\u00e1n 9 \u00f3r\u00e1t\u00f3l gyermek istentiszteletet tartunk. Ezeken a vas\u00e1rnapokon a 10 \u00f3rai istentisztelettel p\u00e1rhuzamosan nincs <em>FICSERI<\/em> \u00e9s <em>Picifi<\/em> (gyermek-biblia\u00f3ra).<\/li>\n\n\n\n<li>A h\u00f3nap negyedik vas\u00e1rnapj\u00e1ra mindenkit a &#8222;nagy&#8221; istentiszteletre v\u00e1runk, kicsiket \u00e9s nagyokat egyar\u00e1nt. Ezeket az istentiszteleteket k\u00f6vet\u0151en a <em>Gy\u00fclekezeti k\u00e1v\u00e9n<\/em> lehet\u00fcnk egy\u00fctt.<\/li>\n\n\n\n<li>Cs\u00fct\u00f6rt\u00f6k\u00f6nk\u00e9nt 17 \u00f3r\u00e1t\u00f3l \u00e9nek- \u00e9s zenekari pr\u00f3ba.<\/li>\n\n\n\n<li>P\u00e9ntekenk\u00e9nt <em>Szoli<\/em> (ifj\u00fas\u00e1gi) \u00f3r\u00e1k:\n<ul class=\"wp-block-list\">\n<li>14.30-t\u00f3l <em>Kis-Szoli<\/em>, azaz 5\u20137. oszt\u00e1lyosok r\u00e9sz\u00e9re,<\/li>\n\n\n\n<li>18.30-t\u00f3l <em>K\u00f6z\u00e9p-Szoli<\/em> \u00e9s <em>Nagy-Szoli<\/em> azaz 8\u201312. \u00e9vfolyamosok r\u00e9sz\u00e9re (k\u00e9t csoportban).<\/li>\n<\/ul>\n<\/li>\n\n\n\n<li>A <em>Picifi<\/em> (als\u00f3 tagozatos csoport) a vas\u00e1rnapi istentiszteleteken k\u00edv\u00fcl havi egy szombat d\u00e9lel\u0151tt 10\u201312 \u00f3ra k\u00f6z\u00f6tt is tal\u00e1lkozik.<\/li>\n\n\n\n<li><em>Andr\u00e1s-csoport<\/em>: h\u00e9tk\u00f6znapi, kisebb csoportban t\u00f6rt\u00e9n\u0151 tal\u00e1lkoz\u00e1s, amely lehet\u0151s\u00e9get biztos\u00edt h\u00e9tk\u00f6znapi k\u00e9rd\u00e9seknek a kereszty\u00e9n hit szempontj\u00e1b\u00f3l t\u00f6rt\u00e9n\u0151 megvitat\u00e1s\u00e1ra, szem\u00e9lyes k\u00e9rd\u00e9sek f\u00f6lvet\u00e9s\u00e9re.<\/li>\n<\/ul>\n\n\n\n<p><\/p>\n\n\n\n<h2 class=\"wp-block-heading\"><strong>Hittan oktat\u00e1sra val\u00f3 jelentkez\u00e9s<\/strong><\/h2>\n\n\n\n<p>B\u0151vebb inform\u00e1ci\u00f3t a hit- \u00e9s erk\u00f6lcstan oktat\u00e1sr\u00f3l sz\u00edvesen adunk szem\u00e9lyesen, telefonon, e-mailben (Gy\u0151ri P\u00e9ter Benj\u00e1min lelk\u00e9sz, 20\/8244829; szolnok@evangelikus.hu), illetve honlapunknak a hittan oktat\u00e1sra sz\u00e1nt r\u00e9sz\u00e9n: <a href=\"https:\/\/szolnok.lutheran.hu\/content\/?page_id=951\"> ide kattintva el\u00e9rhet\u0151.<\/a><\/p>\n\n\n\n<p><\/p>\n\n\n\n<p><\/p>\n\n\n\n<p><a href=\"https:\/\/www.youtube.com\/watch?v=hq5740-BKH0&amp;feature=emb_share&amp;fbclid=IwAR2bDEGc4k2lu0IaAs6mWqLN3SKfZ9RRmmyuS700AWYQZmu2w1crbnVRa3o\">Rehabilit\u00e1lni a v\u00e1ros kapcsolat\u00e1t Istennel &#8211; vide\u00f3:<\/a> <\/p>\n\n\n\n<p class=\"has-small-font-size\">A h\u00edv\u0151 k\u00f6z\u00f6ss\u00e9g feladata nem az, hogy gy\u00fclekezetet \u00e9p\u00edtsen, hanem hogy a  gy\u00fclekezet r\u00e9v\u00e9n a v\u00e1rost, a t\u00e1gabb emberi k\u00f6z\u00f6ss\u00e9get meg\u00faj\u00edtsa az  evang\u00e9liummal. Istent \u00fajra szem\u00e9lyes \u00e9s k\u00f6z\u00f6ss\u00e9gi \u00e9let\u00fcnk  legterm\u00e9szetesebb k\u00f6zponti meghat\u00e1roz\u00f3j\u00e1v\u00e1 kell tenni. Ez a felismer\u00e9s  tette a szolnoki evang\u00e9likus gy\u00fclekezet elk\u00f6telezett tagj\u00e1v\u00e1, vezet\u0151j\u00e9v\u00e9  Bakondin\u00e9 T\u00f3vizi \u00c1gnest. Saj\u00e1t tapasztalatai is seg\u00edtett\u00e9k  gy\u00f3gytorn\u00e1szk\u00e9nt abban, hogy az embereket elvesz\u00edtett fizikai  k\u00e9pess\u00e9geik visszanyer\u00e9s\u00e9ben vezesse. Most a v\u00e1ros Istennel val\u00f3  kapcsolat\u00e1t seg\u00edt rehabilit\u00e1lni az evang\u00e9liummal szoci\u00e1lis, spiritu\u00e1lis,  kultur\u00e1lis \u00e9rtelemben.   <\/p>\n\n\n\n<figure class=\"wp-block-image size-large\"><a href=\"https:\/\/www.youtube.com\/watch?v=hq5740-BKH0&amp;feature=emb_share&amp;fbclid=IwAR2bDEGc4k2lu0IaAs6mWqLN3SKfZ9RRmmyuS700AWYQZmu2w1crbnVRa3o\"><img loading=\"lazy\" decoding=\"async\" width=\"1024\" height=\"547\" src=\"https:\/\/szolnok.lutheran.hu\/content\/wp-content\/uploads\/2020\/08\/ScreenHunter_50-Aug.-29-14.30-1024x547.jpg\" alt=\"\" class=\"wp-image-910\" srcset=\"https:\/\/szolnok.lutheran.hu\/content\/wp-content\/uploads\/2020\/08\/ScreenHunter_50-Aug.-29-14.30-1024x547.jpg 1024w, https:\/\/szolnok.lutheran.hu\/content\/wp-content\/uploads\/2020\/08\/ScreenHunter_50-Aug.-29-14.30-300x160.jpg 300w, https:\/\/szolnok.lutheran.hu\/content\/wp-content\/uploads\/2020\/08\/ScreenHunter_50-Aug.-29-14.30-768x410.jpg 768w, https:\/\/szolnok.lutheran.hu\/content\/wp-content\/uploads\/2020\/08\/ScreenHunter_50-Aug.-29-14.30-1536x821.jpg 1536w, https:\/\/szolnok.lutheran.hu\/content\/wp-content\/uploads\/2020\/08\/ScreenHunter_50-Aug.-29-14.30.jpg 1806w\" sizes=\"auto, (max-width: 1024px) 100vw, 1024px\" \/><\/a><\/figure>\n\n\n<p><!--StartFragment--><\/p>\n<p><!--EndFragment--><\/p>\n\n\n<p><a href=\"https:\/\/szolnok.lutheran.hu\/content\/?page_id=891\">&#8222;A Szolnoki Evang\u00e9likus Templom b\u0151v\u00edt\u00e9se k\u00f6z\u00f6ss\u00e9gi h\u00e1zzal&#8221; c\u00edm\u0171  TOP-7.1.1-16-H-ERFA-2019-00064 p\u00e1ly\u00e1zatunkr\u00f3l b\u0151vebben itt.<\/a><\/p>\n\n\n\n<figure class=\"wp-block-image size-large\"><img loading=\"lazy\" decoding=\"async\" width=\"1024\" height=\"708\" src=\"https:\/\/szolnok.lutheran.hu\/content\/wp-content\/uploads\/2020\/08\/infoblokk_kedv_final_CMYK_ERFA-1024x708.jpg\" alt=\"\" class=\"wp-image-898\" srcset=\"https:\/\/szolnok.lutheran.hu\/content\/wp-content\/uploads\/2020\/08\/infoblokk_kedv_final_CMYK_ERFA-1024x708.jpg 1024w, https:\/\/szolnok.lutheran.hu\/content\/wp-content\/uploads\/2020\/08\/infoblokk_kedv_final_CMYK_ERFA-300x207.jpg 300w, https:\/\/szolnok.lutheran.hu\/content\/wp-content\/uploads\/2020\/08\/infoblokk_kedv_final_CMYK_ERFA-768x531.jpg 768w, https:\/\/szolnok.lutheran.hu\/content\/wp-content\/uploads\/2020\/08\/infoblokk_kedv_final_CMYK_ERFA.jpg 1453w\" sizes=\"auto, (max-width: 1024px) 100vw, 1024px\" \/><\/figure>\n\n\n\n<p>&#8222;Szeretetk\u00f6z\u00f6ss\u00e9g&#8221; c\u00edm\u0171 <a href=\"https:\/\/szolnok.lutheran.hu\/content\/?page_id=616(megnyit\u00e1s \u00faj f\u00fcl\u00f6n)\">EFOP-1.3.7-17-2017-00334 p\u00e1ly\u00e1zatunkr\u00f3l b\u0151vebben itt.<\/a> <\/p>\n\n\n\n<figure class=\"wp-block-image\"><img loading=\"lazy\" decoding=\"async\" width=\"900\" height=\"622\" src=\"https:\/\/szolnok.lutheran.hu\/content\/wp-content\/uploads\/2020\/01\/log\u00f3-1.png\" alt=\"\" class=\"wp-image-622\" srcset=\"https:\/\/szolnok.lutheran.hu\/content\/wp-content\/uploads\/2020\/01\/log\u00f3-1.png 900w, https:\/\/szolnok.lutheran.hu\/content\/wp-content\/uploads\/2020\/01\/log\u00f3-1-300x207.png 300w, https:\/\/szolnok.lutheran.hu\/content\/wp-content\/uploads\/2020\/01\/log\u00f3-1-768x531.png 768w\" sizes=\"auto, (max-width: 900px) 100vw, 900px\" \/><\/figure>\n\n\n\n<p><\/p>\n","protected":false},"excerpt":{"rendered":"<p>A Szolnoki Evang\u00e9likus Egyh\u00e1zk\u00f6zs\u00e9g \u2013 gy\u00fclekezet a v\u00e1ros\u00e9rt. Mit jelent ez? Minthogy kereszty\u00e9n gy\u00fclekezet, els\u0151sorban egy saj\u00e1tos k\u00f6z\u00f6ss\u00e9g, melyet J\u00e9zus Krisztus evang\u00e9liuma, logik\u00e1ja hat\u00e1roz meg. Els\u0151dleges feladata is az, hogy J\u00e9zus Krisztust k\u00e9pviselje szavakon, tetteken \u00e9s a k\u00f6z\u00f6ss\u00e9g minden \u00e9lm\u00e9ny\u00e9n kereszt\u00fcl. A Szolnoki Evang\u00e9likus Egyh\u00e1zk\u00f6zs\u00e9g az\u00e9rt van, hogy az evang\u00e9lium az egyes emberek \u00e9let\u00e9t meg\u00faj\u00edtsa, &hellip; <\/p>\n<p><a class=\"more-link btn\" href=\"https:\/\/szolnok.lutheran.hu\/content\/\">Olvass tov\u00e1bb<\/a><\/p>\n","protected":false},"author":1,"featured_media":0,"parent":0,"menu_order":-2,"comment_status":"closed","ping_status":"closed","template":"","meta":{"footnotes":""},"class_list":["post-145","page","type-page","status-publish","hentry","nodate","item-wrap"],"_links":{"self":[{"href":"https:\/\/szolnok.lutheran.hu\/content\/index.php?rest_route=\/wp\/v2\/pages\/145","targetHints":{"allow":["GET"]}}],"collection":[{"href":"https:\/\/szolnok.lutheran.hu\/content\/index.php?rest_route=\/wp\/v2\/pages"}],"about":[{"href":"https:\/\/szolnok.lutheran.hu\/content\/index.php?rest_route=\/wp\/v2\/types\/page"}],"author":[{"embeddable":true,"href":"https:\/\/szolnok.lutheran.hu\/content\/index.php?rest_route=\/wp\/v2\/users\/1"}],"replies":[{"embeddable":true,"href":"https:\/\/szolnok.lutheran.hu\/content\/index.php?rest_route=%2Fwp%2Fv2%2Fcomments&post=145"}],"version-history":[{"count":234,"href":"https:\/\/szolnok.lutheran.hu\/content\/index.php?rest_route=\/wp\/v2\/pages\/145\/revisions"}],"predecessor-version":[{"id":1962,"href":"https:\/\/szolnok.lutheran.hu\/content\/index.php?rest_route=\/wp\/v2\/pages\/145\/revisions\/1962"}],"wp:attachment":[{"href":"https:\/\/szolnok.lutheran.hu\/content\/index.php?rest_route=%2Fwp%2Fv2%2Fmedia&parent=145"}],"curies":[{"name":"wp","href":"https:\/\/api.w.org\/{rel}","templated":true}]}}