{"id":411,"date":"2018-04-20T09:52:41","date_gmt":"2018-04-20T07:52:41","guid":{"rendered":"http:\/\/szolnok.lutheran.hu\/content\/?page_id=411"},"modified":"2026-01-19T09:30:47","modified_gmt":"2026-01-19T08:30:47","slug":"hitben-gyakorloknak-haladoknak-andras-csoport","status":"publish","type":"page","link":"https:\/\/szolnok.lutheran.hu\/content\/?page_id=411","title":{"rendered":"Hitben &#8222;gyakorl\u00f3knak&#8221;, &#8222;halad\u00f3knak&#8221; &#8211; Andr\u00e1s-csoport"},"content":{"rendered":"<p>Az Istenben val\u00f3 hit folyamatos \u00e9s \u00e9l\u0151k kapcsolat az \u00e9l\u0151 Istennel. Ez\u00e9rt nem l\u00e9tezik olyan, hogy valaki ebb\u0151l egyszer, s mindenkorra &#8222;levizsg\u00e1zik&#8221;, hogy ezzel k\u00e9szen van.<\/p>\n<p>Hogy hogyan lehet ebben a kapcsolatban megmaradni, azt \u00e9p\u00edteni? Hogyan lehet a hitben fejl\u0151dni?<\/p>\n<p>Nos, ennek az eszk\u00f6ze Isten ig\u00e9je \u00e9s a h\u00edv\u0151 k\u00f6z\u00f6ss\u00e9g. Nem lehets\u00e9ges Istenben hinni az \u0151 k\u00f6z\u00f6ss\u00e9ge n\u00e9lk\u00fcl.<\/p>\n<p>Azoknak, akik m\u00e1r elk\u00f6telez\u0151dtek arra, hogy J\u00e9zussal kapcsolatban szeretn\u00e9nek lenni, az \u00e9let\u00fcket mindenek felett meghat\u00e1roz\u00f3v\u00e1 akarj\u00e1k tenni \u0151t, akik &#8222;gyakorolni&#8221; szeretn\u00e9k hit\u00fcket, l\u00e9treh\u00edvtuk az Andr\u00e1s-csoport tal\u00e1lkoz\u00e1sait. Andr\u00e1s J\u00e9zusnak az a tan\u00edtv\u00e1nya, aki nem csak maga k\u00f6vette J\u00e9zust, hanem m\u00e1sokat is megh\u00edvott erre. Ez teh\u00e1t &#8211; ha szabad \u00edgy fogalmazni &#8211; a &#8222;halad\u00f3&#8221; csoportja gy\u00fclekezet\u00fcnknek.<\/p>\n<p>A k\u00f6vetkez\u0151 kurzusunkat\u00a0 az IM\u00c1DS\u00c1G t\u00e9mak\u00f6rben 2026. febru\u00e1r 2-\u00e1n ind\u00edtjuk.<\/p>\n<p>A r\u00e9szv\u00e9telhez regisztr\u00e1ci\u00f3t k\u00e9r\u00fcnk.<a href=\"https:\/\/docs.google.com\/forms\/d\/e\/1FAIpQLSeJSz9HV6jc5jrGgL7dCvOKQPGMjJcWVFnaRqQkQ-vLMize2w\/viewform\"> Az erre szolg\u00e1l\u00f3 fel\u00fclet el\u00e9rhet\u0151 ide kattintva.<\/a><\/p>\n<p>Az im\u00e1ds\u00e1g az Istennel val\u00f3 kapcsolattart\u00e1s eszk\u00f6ze. Luther szerint &#8222;a h\u00edv\u0151 ember l\u00e9legzetv\u00e9tele&#8221;. Egyfel\u0151l term\u00e9szetes, \u00f6nk\u00e9ntelen, m\u00e1sfel\u0151l tanulni sz\u00fcks\u00e9ges. A tan\u00edtv\u00e1nyok is ezt k\u00e9rt\u00e9k J\u00e9zust\u00f3l: &#8222;tan\u00edts minket im\u00e1dkozni&#8221; (Lk 11,1). J\u00e9zus az im\u00e1ds\u00e1g mint\u00e1j\u00e1ul, iskolap\u00e9ld\u00e1j\u00e1ul adta a Miaty\u00e1nk im\u00e1ds\u00e1got. Mi is ennek alapj\u00e1n j\u00e1rjuk k\u00f6rbe \u00e9s gyakoroljuk az im\u00e1ds\u00e1g k\u00e9rd\u00e9s\u00e9t.<\/p>\n<div>\u00a0<\/div>\n<div>\n<div>Az alkalmakat h\u00e9tf\u0151nk\u00e9nt 17 \u00f3r\u00e1t\u00f3l tartjuk az Adapterh\u00e1zban (Szolnok, Verseghy park 7. (Kellner u.), az evang\u00e9likus templom mellett).<\/div>\n<div>\u00a0<\/div>\n<div>Id\u0151pontok:<\/div>\n<div>1.) febru\u00e1r 2.<\/div>\n<div>2.) febru\u00e1r 9.<\/div>\n<div>3.) febru\u00e1r 16.<\/div>\n<div>4.) febru\u00e1r 23.<\/div>\n<div>5.) m\u00e1rcius 2.<\/div>\n<\/div>\n\n\n<p><\/p>\n","protected":false},"excerpt":{"rendered":"<p>Az Istenben val\u00f3 hit folyamatos \u00e9s \u00e9l\u0151k kapcsolat az \u00e9l\u0151 Istennel. Ez\u00e9rt nem l\u00e9tezik olyan, hogy valaki ebb\u0151l egyszer, s mindenkorra &#8222;levizsg\u00e1zik&#8221;, hogy ezzel k\u00e9szen van. Hogy hogyan lehet ebben a kapcsolatban megmaradni, azt \u00e9p\u00edteni? Hogyan lehet a hitben fejl\u0151dni? Nos, ennek az eszk\u00f6ze Isten ig\u00e9je \u00e9s a h\u00edv\u0151 k\u00f6z\u00f6ss\u00e9g. Nem lehets\u00e9ges Istenben hinni az &hellip; <\/p>\n<p><a class=\"more-link btn\" href=\"https:\/\/szolnok.lutheran.hu\/content\/?page_id=411\">Olvass tov\u00e1bb<\/a><\/p>\n","protected":false},"author":1,"featured_media":0,"parent":0,"menu_order":0,"comment_status":"closed","ping_status":"closed","template":"","meta":{"footnotes":""},"class_list":["post-411","page","type-page","status-publish","hentry","nodate","item-wrap"],"_links":{"self":[{"href":"https:\/\/szolnok.lutheran.hu\/content\/index.php?rest_route=\/wp\/v2\/pages\/411","targetHints":{"allow":["GET"]}}],"collection":[{"href":"https:\/\/szolnok.lutheran.hu\/content\/index.php?rest_route=\/wp\/v2\/pages"}],"about":[{"href":"https:\/\/szolnok.lutheran.hu\/content\/index.php?rest_route=\/wp\/v2\/types\/page"}],"author":[{"embeddable":true,"href":"https:\/\/szolnok.lutheran.hu\/content\/index.php?rest_route=\/wp\/v2\/users\/1"}],"replies":[{"embeddable":true,"href":"https:\/\/szolnok.lutheran.hu\/content\/index.php?rest_route=%2Fwp%2Fv2%2Fcomments&post=411"}],"version-history":[{"count":15,"href":"https:\/\/szolnok.lutheran.hu\/content\/index.php?rest_route=\/wp\/v2\/pages\/411\/revisions"}],"predecessor-version":[{"id":1940,"href":"https:\/\/szolnok.lutheran.hu\/content\/index.php?rest_route=\/wp\/v2\/pages\/411\/revisions\/1940"}],"wp:attachment":[{"href":"https:\/\/szolnok.lutheran.hu\/content\/index.php?rest_route=%2Fwp%2Fv2%2Fmedia&parent=411"}],"curies":[{"name":"wp","href":"https:\/\/api.w.org\/{rel}","templated":true}]}}