{"id":951,"date":"2021-02-25T09:46:51","date_gmt":"2021-02-25T08:46:51","guid":{"rendered":"http:\/\/szolnok.lutheran.hu\/content\/?page_id=951"},"modified":"2022-03-05T17:33:42","modified_gmt":"2022-03-05T16:33:42","slug":"hittan","status":"publish","type":"page","link":"https:\/\/szolnok.lutheran.hu\/content\/?page_id=951","title":{"rendered":"Hittan"},"content":{"rendered":"\n<p><a href=\"https:\/\/hitoktatas2.lutheran.hu\/bemutato-videofilmek\/\">Egyh\u00e1zunk hitoktat\u00e1st bemutat\u00f3 vide\u00f3i el\u00e9rhet\u0151k ide kattintva.<\/a><\/p>\n\n\n\n<p>Gy\u00fclekezet\u00fcnk Szolnok v\u00e1ros\u00e1nak \u00e1ltal\u00e1nos iskol\u00e1iban el\u00e9rhet\u0151v\u00e9 teszi az evang\u00e9likus hit- \u00e9s erk\u00f6lcstan oktat\u00e1st.<\/p>\n\n\n\n<p>A kereszty\u00e9n hit els\u0151sorban nem bizonyos erk\u00f6lcsi rend betart\u00e1sa, hanem szem\u00e9lyes \u00e9s bizalmas kapcsolat az \u00e9l\u0151 Istennel, amelyb\u0151l term\u00e9szetesen k\u00f6vetkezik egy saj\u00e1tos gondolkod\u00e1s- \u00e9s \u00e9letm\u00f3d. Vegy\u00fck p\u00e9ld\u00e1ul a sz\u00fcl\u0151-gyermek kapcsolatot! Sz\u00fcl\u0151k\u00e9nt minek \u00f6r\u00fcln\u00e9nk jobban: annak, ha a gyermek\u00fcnk mindent pontosan \u00fagy tesz, ahogy mi elk\u00e9pzelj\u00fck, elv\u00e1rjuk, vagy pedig annak, ha \u0151szinte, bizalmas, szeretetteljes kapcsolatban lenne vel\u00fcnk? Nyilv\u00e1n az ut\u00f3bbinak. Abb\u00f3l term\u00e9szetesen k\u00f6vetkezne minden m\u00e1s.<\/p>\n\n\n\n<p>Pontosan \u00edgy \u00e1ll a helyzet Istennel is: Istennek sokkal fontosabb a vele val\u00f3 kapcsolatunk, mint a viselked\u00e9s\u00fcnk. Kapcsolatot pedig az ember k\u00f6z\u00f6ss\u00e9gben tud meg\u00e9lni. \u00c9ppen ez\u00e9rt a hittan oktat\u00e1snak fontos tartoz\u00e9ka a kereszty\u00e9n k\u00f6z\u00f6ss\u00e9ghez tartoz\u00e1s.<\/p>\n\n\n\n<p>Tal\u00e1n furcsa ez a gondolat els\u0151re: hogy a hitet nem lehet egyszer\u0171en megtanulni, hanem l\u00e1tni kell m\u0171k\u00f6d\u00e9s k\u00f6zben, a gyakorlatban, a h\u00edv\u0151 k\u00f6z\u00f6ss\u00e9gben. De ha furcs\u00e1nak \u00e9rezz\u00fck, az \u00e9ppen azt igazolja, hogy \u00e9ppen az Istennel val\u00f3 kapcsolatra, a k\u00f6z\u00f6ss\u00e9gre van sz\u00fcks\u00e9g\u00fcnk.<\/p>\n\n\n\n<p>Mi teh\u00e1t arra b\u00e1tor\u00edtunk minden sz\u00fcl\u0151t, aki fontolgatja, hogy gyermek\u00e9t hittan oktat\u00e1sra \u00edrassa be, hogy el\u0151z\u0151leg ismerjen meg benn\u00fcnket. Nagy megtiszteltet\u00e9s \u00e9s felel\u0151ss\u00e9g, ha r\u00e1nk b\u00edzz\u00e1k gyermek\u00fcket. Szeretn\u00e9nk ezzel j\u00f3l \u00e9lni, m\u00e9gpedig a kedves sz\u00fcl\u0151kkel \u00f6sszhangban, egy\u00fcttm\u0171k\u00f6dve. Most, a j\u00e1rv\u00e1ny idej\u00e9n persze erre csak korl\u00e1tozottan van lehet\u0151s\u00e9g\u00fcnk, de megtal\u00e1ljuk a m\u00f3dj\u00e1t. Keressen benn\u00fcnket b\u00e1tran el\u00e9rhet\u0151s\u00e9geink b\u00e1rmelyik\u00e9n, sz\u00edvesen venn\u00e9nk a szem\u00e9lyes tal\u00e1lkoz\u00e1s lehet\u0151s\u00e9g\u00e9t.<\/p>\n\n\n\n<p>Azt is vegy\u00e9k fontol\u00f3ra, hogy esetleg m\u00e1s csal\u00e1dokat is biztassanak hasonl\u00f3 ismerked\u00e9sre \u00e9s a hittan oktat\u00e1sba val\u00f3 bekapcsol\u00f3d\u00e1sra. Nagyobb csoportban sokkal jobb a gyermeknek.<\/p>\n\n\n\n<p>A hittan oktat\u00e1st gy\u00fclekezet\u00fcnk r\u00e9sz\u00e9r\u0151l j\u00f3l k\u00e9pzett hitoktat\u00f3-pedag\u00f3gusok v\u00e9gzik.<\/p>\n\n\n\n<p>Tov\u00e1bbi inform\u00e1ci\u00f3 az evang\u00e9likus hitoktat\u00e1sr\u00f3l egyh\u00e1zunk k\u00f6zponti honlapj\u00e1n is el\u00e9rhetnek, <a href=\"https:\/\/hitoktatas.lutheran.hu\/tajekoztato-gyik\/index.html\">ide kattintva<\/a>.<\/p>\n\n\n\n<p><\/p>\n","protected":false},"excerpt":{"rendered":"<p>Egyh\u00e1zunk hitoktat\u00e1st bemutat\u00f3 vide\u00f3i el\u00e9rhet\u0151k ide kattintva. Gy\u00fclekezet\u00fcnk Szolnok v\u00e1ros\u00e1nak \u00e1ltal\u00e1nos iskol\u00e1iban el\u00e9rhet\u0151v\u00e9 teszi az evang\u00e9likus hit- \u00e9s erk\u00f6lcstan oktat\u00e1st. A kereszty\u00e9n hit els\u0151sorban nem bizonyos erk\u00f6lcsi rend betart\u00e1sa, hanem szem\u00e9lyes \u00e9s bizalmas kapcsolat az \u00e9l\u0151 Istennel, amelyb\u0151l term\u00e9szetesen k\u00f6vetkezik egy saj\u00e1tos gondolkod\u00e1s- \u00e9s \u00e9letm\u00f3d. Vegy\u00fck p\u00e9ld\u00e1ul a sz\u00fcl\u0151-gyermek kapcsolatot! Sz\u00fcl\u0151k\u00e9nt minek \u00f6r\u00fcln\u00e9nk jobban: annak, &hellip; <\/p>\n<p><a class=\"more-link btn\" href=\"https:\/\/szolnok.lutheran.hu\/content\/?page_id=951\">Olvass tov\u00e1bb<\/a><\/p>\n","protected":false},"author":1,"featured_media":0,"parent":0,"menu_order":0,"comment_status":"closed","ping_status":"closed","template":"","meta":{"footnotes":""},"class_list":["post-951","page","type-page","status-publish","hentry","nodate","item-wrap"],"_links":{"self":[{"href":"https:\/\/szolnok.lutheran.hu\/content\/index.php?rest_route=\/wp\/v2\/pages\/951","targetHints":{"allow":["GET"]}}],"collection":[{"href":"https:\/\/szolnok.lutheran.hu\/content\/index.php?rest_route=\/wp\/v2\/pages"}],"about":[{"href":"https:\/\/szolnok.lutheran.hu\/content\/index.php?rest_route=\/wp\/v2\/types\/page"}],"author":[{"embeddable":true,"href":"https:\/\/szolnok.lutheran.hu\/content\/index.php?rest_route=\/wp\/v2\/users\/1"}],"replies":[{"embeddable":true,"href":"https:\/\/szolnok.lutheran.hu\/content\/index.php?rest_route=%2Fwp%2Fv2%2Fcomments&post=951"}],"version-history":[{"count":3,"href":"https:\/\/szolnok.lutheran.hu\/content\/index.php?rest_route=\/wp\/v2\/pages\/951\/revisions"}],"predecessor-version":[{"id":1082,"href":"https:\/\/szolnok.lutheran.hu\/content\/index.php?rest_route=\/wp\/v2\/pages\/951\/revisions\/1082"}],"wp:attachment":[{"href":"https:\/\/szolnok.lutheran.hu\/content\/index.php?rest_route=%2Fwp%2Fv2%2Fmedia&parent=951"}],"curies":[{"name":"wp","href":"https:\/\/api.w.org\/{rel}","templated":true}]}}